{"id":41413,"date":"2022-06-17T10:08:40","date_gmt":"2022-06-17T08:08:40","guid":{"rendered":"https:\/\/vivadental.pl\/galeria\/?page_id=41413"},"modified":"2023-05-25T09:25:58","modified_gmt":"2023-05-25T07:25:58","slug":"galeria-strona-glowna","status":"publish","type":"page","link":"https:\/\/vivadental.pl\/galeria\/","title":{"rendered":"Galeria &#8211; Strona g\u0142\u00f3wna"},"content":{"rendered":"    <section class=\"mb-4\">\r\n        <header>\r\n                            <a href=\"https:\/\/vivadental.pl\/galeria\/galerie\/practiculum\/\" class=\"text-decoration-none text-dark \">\r\n                    <span class=\"badge bg-primary float-end small\">Zobacz wi\u0119cej<\/span>\r\n                                <h2>Practiculum Implantologii                                    <\/h2>\r\n                <\/a>\r\n\r\n        <\/header>\r\n\r\n        <div class=\"row gy-2 gy-lg-4 row-cols-1 row-cols-md-2 row-cols-xl-3\">\r\n                            <div class=\"col\">\r\n                    <div class=\"card h-100\"><a href=\"https:\/\/vivadental.pl\/galeria\/galeria\/practiculum-implantologii-sezon-xvii-sesja-3-22-23-03-2024\/\"><img decoding=\"async\" class=\"img-fluid card-img-top w-100 d-block\" src=\"https:\/\/vivadental.pl\/galeria\/wp-content\/uploads\/2024\/04\/practiculum-implantologii-sezon-xvii-\u2013-sesja-3-\u2013-22-23-03-2024-144-600x364.jpg\" title=\"Practiculum Implantologii Sezon XVII \u2013 Sesja 3 \u2013 22-23.03.2024\"><\/a>\r\n                        <div class=\"card-body\">\r\n                            <h4 class=\"card-title\"><a href=\"https:\/\/vivadental.pl\/galeria\/galeria\/practiculum-implantologii-sezon-xvii-sesja-3-22-23-03-2024\/\" class=\"card-link\">Practiculum Implantologii Sezon XVII \u2013 Sesja 3 \u2013 22-23.03.2024<\/a><\/h4>\r\n                            <h6 class=\"text-muted card-subtitle mb-2\">niedziela 24 marca, 2024<\/h6>\r\n                            <p class=\"card-text\"><\/p>\r\n\r\n                        <\/div>\r\n                    <\/div>\r\n                <\/div>\r\n                            <div class=\"col\">\r\n                    <div class=\"card h-100\"><a href=\"https:\/\/vivadental.pl\/galeria\/galeria\/practiculum-implantologii-sezon-xvi-sesja-6-23-24-02-2024\/\"><img decoding=\"async\" class=\"img-fluid card-img-top w-100 d-block\" src=\"https:\/\/vivadental.pl\/galeria\/wp-content\/uploads\/2024\/03\/practiculum-implantologii-sezon-xvi-sesja-6-23-24-02-2024-119-600x390.jpg\" title=\"Practiculum Implantologii Sezon XVI \u2013 Sesja 6 \u2013 23-24.02.2024\"><\/a>\r\n                        <div class=\"card-body\">\r\n                            <h4 class=\"card-title\"><a href=\"https:\/\/vivadental.pl\/galeria\/galeria\/practiculum-implantologii-sezon-xvi-sesja-6-23-24-02-2024\/\" class=\"card-link\">Practiculum Implantologii Sezon XVI \u2013 Sesja 6 \u2013 23-24.02.2024<\/a><\/h4>\r\n                            <h6 class=\"text-muted card-subtitle mb-2\">niedziela 25 lutego, 2024<\/h6>\r\n                            <p class=\"card-text\"><\/p>\r\n\r\n                        <\/div>\r\n                    <\/div>\r\n                <\/div>\r\n                            <div class=\"col\">\r\n                    <div class=\"card h-100\"><a href=\"https:\/\/vivadental.pl\/galeria\/galeria\/practiculum-implantologii-sezon-xvii-sesja-2-09-10-02-2024\/\"><img decoding=\"async\" class=\"img-fluid card-img-top w-100 d-block\" src=\"https:\/\/vivadental.pl\/galeria\/wp-content\/uploads\/2024\/02\/practiculum-implantologii-sezon-xvii-\u2013-sesja-2-\u2013-09.10.02.2024-165-600x400.jpg\" title=\"Practiculum Implantologii Sezon XVII \u2013 Sesja 2 \u2013 09.10.02.2024\"><\/a>\r\n                        <div class=\"card-body\">\r\n                            <h4 class=\"card-title\"><a href=\"https:\/\/vivadental.pl\/galeria\/galeria\/practiculum-implantologii-sezon-xvii-sesja-2-09-10-02-2024\/\" class=\"card-link\">Practiculum Implantologii Sezon XVII \u2013 Sesja 2 \u2013 09.10.02.2024<\/a><\/h4>\r\n                            <h6 class=\"text-muted card-subtitle mb-2\">niedziela 11 lutego, 2024<\/h6>\r\n                            <p class=\"card-text\"><\/p>\r\n\r\n                        <\/div>\r\n                    <\/div>\r\n                <\/div>\r\n                            <div class=\"col\">\r\n                    <div class=\"card h-100\"><a href=\"https:\/\/vivadental.pl\/galeria\/galeria\/practiculum-implantologii-sezon-xvi-sesja-v-19-20-01-2024\/\"><img decoding=\"async\" class=\"img-fluid card-img-top w-100 d-block\" src=\"https:\/\/vivadental.pl\/galeria\/wp-content\/uploads\/2024\/01\/practiculum-implantologii-sezon-xvi-sesja-v-19-20-01-2024-046-600x400.jpg\" title=\"Practiculum Implantologii Sezon XVI \u2013 Sesja V \u2013 19-20.01.2024\"><\/a>\r\n                        <div class=\"card-body\">\r\n                            <h4 class=\"card-title\"><a href=\"https:\/\/vivadental.pl\/galeria\/galeria\/practiculum-implantologii-sezon-xvi-sesja-v-19-20-01-2024\/\" class=\"card-link\">Practiculum Implantologii Sezon XVI \u2013 Sesja V \u2013 19-20.01.2024<\/a><\/h4>\r\n                            <h6 class=\"text-muted card-subtitle mb-2\">niedziela 21 stycznia, 2024<\/h6>\r\n                            <p class=\"card-text\"><\/p>\r\n\r\n                        <\/div>\r\n                    <\/div>\r\n                <\/div>\r\n                            <div class=\"col\">\r\n                    <div class=\"card h-100\"><a href=\"https:\/\/vivadental.pl\/galeria\/galeria\/practiculum-implantologii-sezon-xvii-sesja-1-12-13-01-2024\/\"><img decoding=\"async\" class=\"img-fluid card-img-top w-100 d-block\" src=\"https:\/\/vivadental.pl\/galeria\/wp-content\/uploads\/2024\/01\/practiculum-implantologii-sezon-xvii-sesja-1-12-13-01-2024-127-600x400.jpg\" title=\"Practiculum Implantologii Sezon XVII \u2013 Sesja 1 \u2013 12-13.01.2024\"><\/a>\r\n                        <div class=\"card-body\">\r\n                            <h4 class=\"card-title\"><a href=\"https:\/\/vivadental.pl\/galeria\/galeria\/practiculum-implantologii-sezon-xvii-sesja-1-12-13-01-2024\/\" class=\"card-link\">Practiculum Implantologii Sezon XVII \u2013 Sesja 1 \u2013 12-13.01.2024<\/a><\/h4>\r\n                            <h6 class=\"text-muted card-subtitle mb-2\">niedziela 14 stycznia, 2024<\/h6>\r\n                            <p class=\"card-text\"><\/p>\r\n\r\n                        <\/div>\r\n                    <\/div>\r\n                <\/div>\r\n                            <div class=\"col\">\r\n                    <div class=\"card h-100\"><a href=\"https:\/\/vivadental.pl\/galeria\/galeria\/practiculum-implantologii-sezon-xvi-sesja-4-15-16-12-2023\/\"><img decoding=\"async\" class=\"img-fluid card-img-top w-100 d-block\" src=\"https:\/\/vivadental.pl\/galeria\/wp-content\/uploads\/2024\/01\/practiculum-implantologii-\u2013-sezon-xvi-\u2013-sesja-4-\u2013-15-16-12-2023-176-600x400.jpg\" title=\"Practiculum Implantologii \u2013 Sezon XVI \u2013 Sesja 4 \u2013 15-16.12.2023\"><\/a>\r\n                        <div class=\"card-body\">\r\n                            <h4 class=\"card-title\"><a href=\"https:\/\/vivadental.pl\/galeria\/galeria\/practiculum-implantologii-sezon-xvi-sesja-4-15-16-12-2023\/\" class=\"card-link\">Practiculum Implantologii \u2013 Sezon XVI \u2013 Sesja 4 \u2013 15-16.12.2023<\/a><\/h4>\r\n                            <h6 class=\"text-muted card-subtitle mb-2\">niedziela 17 grudnia, 2023<\/h6>\r\n                            <p class=\"card-text\"><\/p>\r\n\r\n                        <\/div>\r\n                    <\/div>\r\n                <\/div>\r\n                <\/section>\r\n\n    <section class=\"mb-4\">\r\n        <header>\r\n                            <a href=\"https:\/\/vivadental.pl\/galeria\/galerie\/kursy-i-szkolenia\/\" class=\"text-decoration-none text-dark \">\r\n                    <span class=\"badge bg-primary float-end small\">Zobacz wi\u0119cej<\/span>\r\n                                <h2>Kursy i szkolenia                                    <\/h2>\r\n                <\/a>\r\n\r\n        <\/header>\r\n\r\n        <div class=\"row gy-2 gy-lg-4 row-cols-1 row-cols-md-2 row-cols-xl-3\">\r\n                            <div class=\"col\">\r\n                    <div class=\"card h-100\"><a href=\"https:\/\/vivadental.pl\/galeria\/galeria\/sinus-lift-metody-wskazania-powiklania-16-17-02-2024\/\"><img decoding=\"async\" class=\"img-fluid card-img-top w-100 d-block\" src=\"https:\/\/vivadental.pl\/galeria\/wp-content\/uploads\/2024\/02\/sinus-lift-\u2013-metody-wskazania-powiklania-16-17-02-2024-192-600x358.jpg\" title=\"Sinus Lift \u2013 metody, wskazania, powik\u0142ania &#8211; 16-17.02.2024\"><\/a>\r\n                        <div class=\"card-body\">\r\n                            <h4 class=\"card-title\"><a href=\"https:\/\/vivadental.pl\/galeria\/galeria\/sinus-lift-metody-wskazania-powiklania-16-17-02-2024\/\" class=\"card-link\">Sinus Lift \u2013 metody, wskazania, powik\u0142ania &#8211; 16-17.02.2024<\/a><\/h4>\r\n                            <h6 class=\"text-muted card-subtitle mb-2\">niedziela 18 lutego, 2024<\/h6>\r\n                            <p class=\"card-text\"><\/p>\r\n\r\n                        <\/div>\r\n                    <\/div>\r\n                <\/div>\r\n                            <div class=\"col\">\r\n                    <div class=\"card h-100\"><a href=\"https:\/\/vivadental.pl\/galeria\/galeria\/aparaty-stale-cienkolukowe-02-04-02-2024\/\"><img decoding=\"async\" class=\"img-fluid card-img-top w-100 d-block\" src=\"https:\/\/vivadental.pl\/galeria\/wp-content\/uploads\/2024\/02\/aparaty-stale-cienkolukowe-\u2013-02-04.02.2024-103-600x400.jpg\" title=\"Aparaty sta\u0142e cienko\u0142ukowe \u2013 02-04.02.2024\"><\/a>\r\n                        <div class=\"card-body\">\r\n                            <h4 class=\"card-title\"><a href=\"https:\/\/vivadental.pl\/galeria\/galeria\/aparaty-stale-cienkolukowe-02-04-02-2024\/\" class=\"card-link\">Aparaty sta\u0142e cienko\u0142ukowe \u2013 02-04.02.2024<\/a><\/h4>\r\n                            <h6 class=\"text-muted card-subtitle mb-2\">poniedzia\u0142ek 5 lutego, 2024<\/h6>\r\n                            <p class=\"card-text\"><\/p>\r\n\r\n                        <\/div>\r\n                    <\/div>\r\n                <\/div>\r\n                            <div class=\"col\">\r\n                    <div class=\"card h-100\"><a href=\"https:\/\/vivadental.pl\/galeria\/galeria\/hard-tissue-management-regeneracja-kosci-w-praktyce-implantologicznej-26-27-01-2024\/\"><img decoding=\"async\" class=\"img-fluid card-img-top w-100 d-block\" src=\"https:\/\/vivadental.pl\/galeria\/wp-content\/uploads\/2024\/02\/hard-tissue-management-\u2013-regeneracja-kosci-w-praktyce-implantologicznej-322-600x375.jpg\" title=\"Hard Tissue Management \u2013 regeneracja ko\u015bci w praktyce implantologicznej 26-27.01.2024\"><\/a>\r\n                        <div class=\"card-body\">\r\n                            <h4 class=\"card-title\"><a href=\"https:\/\/vivadental.pl\/galeria\/galeria\/hard-tissue-management-regeneracja-kosci-w-praktyce-implantologicznej-26-27-01-2024\/\" class=\"card-link\">Hard Tissue Management \u2013 regeneracja ko\u015bci w praktyce implantologicznej 26-27.01.2024<\/a><\/h4>\r\n                            <h6 class=\"text-muted card-subtitle mb-2\">niedziela 28 stycznia, 2024<\/h6>\r\n                            <p class=\"card-text\"><\/p>\r\n\r\n                        <\/div>\r\n                    <\/div>\r\n                <\/div>\r\n                            <div class=\"col\">\r\n                    <div class=\"card h-100\"><a href=\"https:\/\/vivadental.pl\/galeria\/galeria\/cyfrowe-protokoly-w-praktyce-implantologicznej-08-09-12-2023\/\"><img decoding=\"async\" class=\"img-fluid card-img-top w-100 d-block\" src=\"https:\/\/vivadental.pl\/galeria\/wp-content\/uploads\/2024\/01\/cyfrowe-protokoly-w-praktyce-implantologicznej-08-09-12-2023-117-600x400.jpg\" title=\"Cyfrowe protoko\u0142y w praktyce implantologicznej 08-09.12.2023\"><\/a>\r\n                        <div class=\"card-body\">\r\n                            <h4 class=\"card-title\"><a href=\"https:\/\/vivadental.pl\/galeria\/galeria\/cyfrowe-protokoly-w-praktyce-implantologicznej-08-09-12-2023\/\" class=\"card-link\">Cyfrowe protoko\u0142y w praktyce implantologicznej 08-09.12.2023<\/a><\/h4>\r\n                            <h6 class=\"text-muted card-subtitle mb-2\">niedziela 10 grudnia, 2023<\/h6>\r\n                            <p class=\"card-text\"><\/p>\r\n\r\n                        <\/div>\r\n                    <\/div>\r\n                <\/div>\r\n                            <div class=\"col\">\r\n                    <div class=\"card h-100\"><a href=\"https:\/\/vivadental.pl\/galeria\/galeria\/implantoprotetyka-stale-rekonstrukcje-w-bezzebiu-1-2-12-2023\/\"><img decoding=\"async\" class=\"img-fluid card-img-top w-100 d-block\" src=\"https:\/\/vivadental.pl\/galeria\/wp-content\/uploads\/2023\/12\/implantoprotetyka-stale-rekonstrukcje-w-bezzebiu-208-600x400.jpg\" title=\"Implantoprotetyka \u2013 sta\u0142e rekonstrukcje w bezz\u0119biu \u2013 1-2.12.2023\"><\/a>\r\n                        <div class=\"card-body\">\r\n                            <h4 class=\"card-title\"><a href=\"https:\/\/vivadental.pl\/galeria\/galeria\/implantoprotetyka-stale-rekonstrukcje-w-bezzebiu-1-2-12-2023\/\" class=\"card-link\">Implantoprotetyka \u2013 sta\u0142e rekonstrukcje w bezz\u0119biu \u2013 1-2.12.2023<\/a><\/h4>\r\n                            <h6 class=\"text-muted card-subtitle mb-2\">niedziela 3 grudnia, 2023<\/h6>\r\n                            <p class=\"card-text\"><\/p>\r\n\r\n                        <\/div>\r\n                    <\/div>\r\n                <\/div>\r\n                            <div class=\"col\">\r\n                    <div class=\"card h-100\"><a href=\"https:\/\/vivadental.pl\/galeria\/galeria\/biomechanika-i-metody-leczenia-ortodontycznego-03-04-11-2023\/\"><img decoding=\"async\" class=\"img-fluid card-img-top w-100 d-block\" src=\"https:\/\/vivadental.pl\/galeria\/wp-content\/uploads\/2023\/11\/biomechanika-i-metody-leczenia-ortodontycznego-03-04-11-2023-103-600x400.jpg\" title=\"Biomechanika i metody leczenia ortodontycznego 03-04.11.2023\"><\/a>\r\n                        <div class=\"card-body\">\r\n                            <h4 class=\"card-title\"><a href=\"https:\/\/vivadental.pl\/galeria\/galeria\/biomechanika-i-metody-leczenia-ortodontycznego-03-04-11-2023\/\" class=\"card-link\">Biomechanika i metody leczenia ortodontycznego 03-04.11.2023<\/a><\/h4>\r\n                            <h6 class=\"text-muted card-subtitle mb-2\">niedziela 5 listopada, 2023<\/h6>\r\n                            <p class=\"card-text\"><\/p>\r\n\r\n                        <\/div>\r\n                    <\/div>\r\n                <\/div>\r\n                <\/section>\r\n\n    <section class=\"mb-4\">\r\n        <header>\r\n                            <a href=\"https:\/\/vivadental.pl\/galeria\/galerie\/preludium\/\" class=\"text-decoration-none text-dark \">\r\n                    <span class=\"badge bg-primary float-end small\">Zobacz wi\u0119cej<\/span>\r\n                                <h2>Preludium Implantologii                                    <\/h2>\r\n                <\/a>\r\n\r\n        <\/header>\r\n\r\n        <div class=\"row gy-2 gy-lg-4 row-cols-1 row-cols-md-2 row-cols-xl-3\">\r\n                            <div class=\"col\">\r\n                    <div class=\"card h-100\"><a href=\"https:\/\/vivadental.pl\/galeria\/galeria\/iii-sezon-preludium-implantologii-certyfikaty\/\"><img decoding=\"async\" class=\"img-fluid card-img-top w-100 d-block\" src=\"https:\/\/vivadental.pl\/galeria\/wp-content\/uploads\/2019\/03\/06\/12\/preludium-implantologii-siii-certyfikaty-001-600x400.jpg\" title=\"III Sezon Preludium Implantologii &#8211; Certyfikaty\"><\/a>\r\n                        <div class=\"card-body\">\r\n                            <h4 class=\"card-title\"><a href=\"https:\/\/vivadental.pl\/galeria\/galeria\/iii-sezon-preludium-implantologii-certyfikaty\/\" class=\"card-link\">III Sezon Preludium Implantologii &#8211; Certyfikaty<\/a><\/h4>\r\n                            <h6 class=\"text-muted card-subtitle mb-2\">\u015broda 6 marca, 2019<\/h6>\r\n                            <p class=\"card-text\">23 lutego 2019 roku \u015bwi\u0119towali\u015bmy zako\u0144czenie III Sezonu Preludium Implantologii. Uroczyste wr\u0119czenie Certyfikat\u00f3w Instytutu Vivadental odby\u0142o si\u0119 w Restauracji Brovarnia...<\/p>\r\n\r\n                        <\/div>\r\n                    <\/div>\r\n                <\/div>\r\n                            <div class=\"col\">\r\n                    <div class=\"card h-100\"><a href=\"https:\/\/vivadental.pl\/galeria\/galeria\/preludium-implantologii-sezon-iii-sesja-5\/\"><img decoding=\"async\" class=\"img-fluid card-img-top w-100 d-block\" src=\"https:\/\/vivadental.pl\/galeria\/wp-content\/uploads\/2019\/02\/23\/11\/preludium-implantologii-siii-s5-047-600x400.jpg\" title=\"Preludium Implantologii &#8211; Sezon III, sesja 5\"><\/a>\r\n                        <div class=\"card-body\">\r\n                            <h4 class=\"card-title\"><a href=\"https:\/\/vivadental.pl\/galeria\/galeria\/preludium-implantologii-sezon-iii-sesja-5\/\" class=\"card-link\">Preludium Implantologii &#8211; Sezon III, sesja 5<\/a><\/h4>\r\n                            <h6 class=\"text-muted card-subtitle mb-2\">sobota 23 lutego, 2019<\/h6>\r\n                            <p class=\"card-text\">W ostatni weekend lutego 2019 roku odby\u0142a si\u0119 fina\u0142owa sesja III Sezonu PRELUDIUM IMPLANTOLOGII, kt\u00f3ra po\u015bwi\u0119cona by\u0142a chirurgii implantologicznej. Kursanci...<\/p>\r\n\r\n                        <\/div>\r\n                    <\/div>\r\n                <\/div>\r\n                            <div class=\"col\">\r\n                    <div class=\"card h-100\"><a href=\"https:\/\/vivadental.pl\/galeria\/galeria\/preludium-implantologii-sezon-iii-sesja-3\/\"><img decoding=\"async\" class=\"img-fluid card-img-top w-100 d-block\" src=\"https:\/\/vivadental.pl\/galeria\/wp-content\/uploads\/2018\/12\/03\/08\/PRELUDIUM-IMPLANTOLOGII-SEZON-III-SESJA-3-3-600x400.jpg\" title=\"Preludium Implantologii &#8211; sezon III, sesja 3\"><\/a>\r\n                        <div class=\"card-body\">\r\n                            <h4 class=\"card-title\"><a href=\"https:\/\/vivadental.pl\/galeria\/galeria\/preludium-implantologii-sezon-iii-sesja-3\/\" class=\"card-link\">Preludium Implantologii &#8211; sezon III, sesja 3<\/a><\/h4>\r\n                            <h6 class=\"text-muted card-subtitle mb-2\">poniedzia\u0142ek 3 grudnia, 2018<\/h6>\r\n                            <p class=\"card-text\">Preludium Implantologii, Sezon III ju\u017c na p\u00f3\u0142metku. Podczas 3 Sesji dominowa\u0142y wyk\u0142ady i warsztaty oraz najwa\u017cniejszy element kszta\u0142cenia \u2013 zabiegi...<\/p>\r\n\r\n                        <\/div>\r\n                    <\/div>\r\n                <\/div>\r\n                            <div class=\"col\">\r\n                    <div class=\"card h-100\"><a href=\"https:\/\/vivadental.pl\/galeria\/galeria\/preludium-implantologii-sezon-iii-sesja-2\/\"><img decoding=\"async\" class=\"img-fluid card-img-top w-100 d-block\" src=\"https:\/\/vivadental.pl\/galeria\/wp-content\/uploads\/2018\/10\/29\/12\/preludium-implantologii-siii-e2-017-600x400.jpg\" title=\"Preludium Implantologii &#8211; sezon III, sesja 2\"><\/a>\r\n                        <div class=\"card-body\">\r\n                            <h4 class=\"card-title\"><a href=\"https:\/\/vivadental.pl\/galeria\/galeria\/preludium-implantologii-sezon-iii-sesja-2\/\" class=\"card-link\">Preludium Implantologii &#8211; sezon III, sesja 2<\/a><\/h4>\r\n                            <h6 class=\"text-muted card-subtitle mb-2\">poniedzia\u0142ek 29 pa\u017adziernika, 2018<\/h6>\r\n                            <p class=\"card-text\">Kolejna sesja naszego programu edukacyjnego dla lekarzy rozpoczynaj\u0105cych swoj\u0105 przygod\u0119 z implantologi\u0105 w Instytucie Vivadental. Kursanci Sezonu III Preludium Implantologii...<\/p>\r\n\r\n                        <\/div>\r\n                    <\/div>\r\n                <\/div>\r\n                            <div class=\"col\">\r\n                    <div class=\"card h-100\"><a href=\"https:\/\/vivadental.pl\/galeria\/galeria\/preludium-implantologii-sezon-iii-inauguracja\/\"><img decoding=\"async\" class=\"img-fluid card-img-top w-100 d-block\" src=\"https:\/\/vivadental.pl\/galeria\/wp-content\/uploads\/2018\/10\/02\/11\/preludium-implantologii-s03-e1-1-026-600x400.jpg\" title=\"Preludium Implantologii &#8211; sezon III, Inauguracja\"><\/a>\r\n                        <div class=\"card-body\">\r\n                            <h4 class=\"card-title\"><a href=\"https:\/\/vivadental.pl\/galeria\/galeria\/preludium-implantologii-sezon-iii-inauguracja\/\" class=\"card-link\">Preludium Implantologii &#8211; sezon III, Inauguracja<\/a><\/h4>\r\n                            <h6 class=\"text-muted card-subtitle mb-2\">wtorek 2 pa\u017adziernika, 2018<\/h6>\r\n                            <p class=\"card-text\"><\/p>\r\n\r\n                        <\/div>\r\n                    <\/div>\r\n                <\/div>\r\n                            <div class=\"col\">\r\n                    <div class=\"card h-100\"><a href=\"https:\/\/vivadental.pl\/galeria\/galeria\/preludium-implantologii-sezon-2-wreczenie-certyfikatow\/\"><img decoding=\"async\" class=\"img-fluid card-img-top w-100 d-block\" src=\"https:\/\/vivadental.pl\/galeria\/wp-content\/uploads\/2018\/07\/05\/20\/preludium-implantologii-s2-certyfikaty-034-600x400.jpg\" title=\"Preludium Implantologii &#8211; Sezon 2, wr\u0119czenie certyfikat\u00f3w\"><\/a>\r\n                        <div class=\"card-body\">\r\n                            <h4 class=\"card-title\"><a href=\"https:\/\/vivadental.pl\/galeria\/galeria\/preludium-implantologii-sezon-2-wreczenie-certyfikatow\/\" class=\"card-link\">Preludium Implantologii &#8211; Sezon 2, wr\u0119czenie certyfikat\u00f3w<\/a><\/h4>\r\n                            <h6 class=\"text-muted card-subtitle mb-2\">czwartek 5 lipca, 2018<\/h6>\r\n                            <p class=\"card-text\"><\/p>\r\n\r\n                        <\/div>\r\n                    <\/div>\r\n                <\/div>\r\n                <\/section>\r\n\n    <section class=\"mb-4\">\r\n        <header>\r\n                            <a href=\"https:\/\/vivadental.pl\/galeria\/galerie\/fundacja-vivadental\/\" class=\"text-decoration-none text-dark \">\r\n                    <span class=\"badge bg-primary float-end small\">Zobacz wi\u0119cej<\/span>\r\n                                <h2>Fundacja Vivadental                                    <\/h2>\r\n                <\/a>\r\n\r\n        <\/header>\r\n\r\n        <div class=\"row gy-2 gy-lg-4 row-cols-1 row-cols-md-2 row-cols-xl-3\">\r\n                            <div class=\"col\">\r\n                    <div class=\"card h-100\"><a href=\"https:\/\/vivadental.pl\/galeria\/galeria\/twoja-krew-dla-dzieci-piekny-usmiech-dla-ciebie\/\"><img decoding=\"async\" class=\"img-fluid card-img-top w-100 d-block\" src=\"https:\/\/vivadental.pl\/galeria\/wp-content\/uploads\/2023\/02\/034-1-600x400.jpg\" title=\"Twoja Krew dla Dzieci &#8211; Pi\u0119kny u\u015bmiech dla Ciebie\"><\/a>\r\n                        <div class=\"card-body\">\r\n                            <h4 class=\"card-title\"><a href=\"https:\/\/vivadental.pl\/galeria\/galeria\/twoja-krew-dla-dzieci-piekny-usmiech-dla-ciebie\/\" class=\"card-link\">Twoja Krew dla Dzieci &#8211; Pi\u0119kny u\u015bmiech dla Ciebie<\/a><\/h4>\r\n                            <h6 class=\"text-muted card-subtitle mb-2\">\u015broda 8 lutego, 2023<\/h6>\r\n                            <p class=\"card-text\"><\/p>\r\n\r\n                        <\/div>\r\n                    <\/div>\r\n                <\/div>\r\n                            <div class=\"col\">\r\n                    <div class=\"card h-100\"><a href=\"https:\/\/vivadental.pl\/galeria\/galeria\/ii-bal-charytatywny-dla-dzieci\/\"><img decoding=\"async\" class=\"img-fluid card-img-top w-100 d-block\" src=\"https:\/\/vivadental.pl\/galeria\/wp-content\/uploads\/2023\/02\/bal-charytatywny-19-1-600x400.jpg\" title=\"II Bal Charytatywny dla Dzieci\"><\/a>\r\n                        <div class=\"card-body\">\r\n                            <h4 class=\"card-title\"><a href=\"https:\/\/vivadental.pl\/galeria\/galeria\/ii-bal-charytatywny-dla-dzieci\/\" class=\"card-link\">II Bal Charytatywny dla Dzieci<\/a><\/h4>\r\n                            <h6 class=\"text-muted card-subtitle mb-2\">\u015broda 8 lutego, 2023<\/h6>\r\n                            <p class=\"card-text\"><\/p>\r\n\r\n                        <\/div>\r\n                    <\/div>\r\n                <\/div>\r\n                            <div class=\"col\">\r\n                    <div class=\"card h-100\"><a href=\"https:\/\/vivadental.pl\/galeria\/galeria\/fundacja-alegoria-kultury\/\"><img decoding=\"async\" class=\"img-fluid card-img-top w-100 d-block\" src=\"https:\/\/vivadental.pl\/galeria\/wp-content\/uploads\/2023\/02\/6-1-1-1-600x400.jpg\" title=\"Fundacja Alegoria Kultury\"><\/a>\r\n                        <div class=\"card-body\">\r\n                            <h4 class=\"card-title\"><a href=\"https:\/\/vivadental.pl\/galeria\/galeria\/fundacja-alegoria-kultury\/\" class=\"card-link\">Fundacja Alegoria Kultury<\/a><\/h4>\r\n                            <h6 class=\"text-muted card-subtitle mb-2\">\u015broda 8 lutego, 2023<\/h6>\r\n                            <p class=\"card-text\"><\/p>\r\n\r\n                        <\/div>\r\n                    <\/div>\r\n                <\/div>\r\n                            <div class=\"col\">\r\n                    <div class=\"card h-100\"><a href=\"https:\/\/vivadental.pl\/galeria\/galeria\/koncert-charytatywny-dla-dzieci-vivadental\/\"><img decoding=\"async\" class=\"img-fluid card-img-top w-100 d-block\" src=\"https:\/\/vivadental.pl\/galeria\/wp-content\/uploads\/2023\/02\/e33-1-600x400.jpg\" title=\"Koncert Charytatywny dla Dzieci Vivadental\"><\/a>\r\n                        <div class=\"card-body\">\r\n                            <h4 class=\"card-title\"><a href=\"https:\/\/vivadental.pl\/galeria\/galeria\/koncert-charytatywny-dla-dzieci-vivadental\/\" class=\"card-link\">Koncert Charytatywny dla Dzieci Vivadental<\/a><\/h4>\r\n                            <h6 class=\"text-muted card-subtitle mb-2\">\u015broda 8 lutego, 2023<\/h6>\r\n                            <p class=\"card-text\"><\/p>\r\n\r\n                        <\/div>\r\n                    <\/div>\r\n                <\/div>\r\n                            <div class=\"col\">\r\n                    <div class=\"card h-100\"><a href=\"https:\/\/vivadental.pl\/galeria\/galeria\/edukacja-w-teatrze-miniatura\/\"><img decoding=\"async\" class=\"img-fluid card-img-top w-100 d-block\" src=\"https:\/\/vivadental.pl\/galeria\/wp-content\/uploads\/2023\/02\/c5-1-600x400.jpg\" title=\"Edukacja w Teatrze Miniatura\"><\/a>\r\n                        <div class=\"card-body\">\r\n                            <h4 class=\"card-title\"><a href=\"https:\/\/vivadental.pl\/galeria\/galeria\/edukacja-w-teatrze-miniatura\/\" class=\"card-link\">Edukacja w Teatrze Miniatura<\/a><\/h4>\r\n                            <h6 class=\"text-muted card-subtitle mb-2\">\u015broda 8 lutego, 2023<\/h6>\r\n                            <p class=\"card-text\"><\/p>\r\n\r\n                        <\/div>\r\n                    <\/div>\r\n                <\/div>\r\n                            <div class=\"col\">\r\n                    <div class=\"card h-100\"><a href=\"https:\/\/vivadental.pl\/galeria\/galeria\/fundacja-vivadental-pod-zaglami\/\"><img decoding=\"async\" class=\"img-fluid card-img-top w-100 d-block\" src=\"https:\/\/vivadental.pl\/galeria\/wp-content\/uploads\/2023\/02\/d9-600x400.jpg\" title=\"Fundacja Vivadental pod \u017caglami\"><\/a>\r\n                        <div class=\"card-body\">\r\n                            <h4 class=\"card-title\"><a href=\"https:\/\/vivadental.pl\/galeria\/galeria\/fundacja-vivadental-pod-zaglami\/\" class=\"card-link\">Fundacja Vivadental pod \u017caglami<\/a><\/h4>\r\n                            <h6 class=\"text-muted card-subtitle mb-2\">\u015broda 8 lutego, 2023<\/h6>\r\n                            <p class=\"card-text\"><\/p>\r\n\r\n                        <\/div>\r\n                    <\/div>\r\n                <\/div>\r\n                <\/section>\r\n\n    <section class=\"mb-4\">\r\n        <header>\r\n                            <h2>Badania naukowe                                    <\/h2>\r\n                <\/a>\r\n\r\n        <\/header>\r\n\r\n        <div class=\"row gy-2 gy-lg-4 row-cols-1 row-cols-md-2 row-cols-xl-3\">\r\n                            <div class=\"col\">\r\n                    <div class=\"card h-100\"><a href=\"https:\/\/vivadental.pl\/galeria\/galeria\/komorki-macierzyste-kolejny-pionierski-zabieg-w-klinice-vivadental\/\"><img decoding=\"async\" class=\"img-fluid card-img-top w-100 d-block\" src=\"https:\/\/vivadental.pl\/galeria\/wp-content\/uploads\/2018\/03\/komorski-maciezyste-pionierski-zabieg-15-600x400.jpg\" title=\"Kom\u00f3rki macierzyste. Kolejny pionierski zabieg w Klinice Vivadental\"><\/a>\r\n                        <div class=\"card-body\">\r\n                            <h4 class=\"card-title\"><a href=\"https:\/\/vivadental.pl\/galeria\/galeria\/komorki-macierzyste-kolejny-pionierski-zabieg-w-klinice-vivadental\/\" class=\"card-link\">Kom\u00f3rki macierzyste. Kolejny pionierski zabieg w Klinice Vivadental<\/a><\/h4>\r\n                            <h6 class=\"text-muted card-subtitle mb-2\">czwartek 1 marca, 2018<\/h6>\r\n                            <p class=\"card-text\">1 wrze\u015bnia 2016 roku w Klinice Vivadental przeprowadzili\u015bmy kolejny pionierski zabieg z wykorzystaniem autologicznego przeszczepu kom\u00f3rek macierzystych pochodzenia t\u0142uszczowego. Tym...<\/p>\r\n\r\n                        <\/div>\r\n                    <\/div>\r\n                <\/div>\r\n                            <div class=\"col\">\r\n                    <div class=\"card h-100\"><a href=\"https:\/\/vivadental.pl\/galeria\/galeria\/podpisanie-umowy-z-politechnika-gdanska\/\"><img decoding=\"async\" class=\"img-fluid card-img-top w-100 d-block\" src=\"https:\/\/vivadental.pl\/galeria\/wp-content\/uploads\/2018\/02\/podpisanie-umowy-z-politechnika-gdanska-19-600x400.jpg\" title=\"Podpisanie umowy z Politechnik\u0105 Gda\u0144sk\u0105\"><\/a>\r\n                        <div class=\"card-body\">\r\n                            <h4 class=\"card-title\"><a href=\"https:\/\/vivadental.pl\/galeria\/galeria\/podpisanie-umowy-z-politechnika-gdanska\/\" class=\"card-link\">Podpisanie umowy z Politechnik\u0105 Gda\u0144sk\u0105<\/a><\/h4>\r\n                            <h6 class=\"text-muted card-subtitle mb-2\">\u015broda 28 lutego, 2018<\/h6>\r\n                            <p class=\"card-text\"><\/p>\r\n\r\n                        <\/div>\r\n                    <\/div>\r\n                <\/div>\r\n                <\/section>\r\n\n    <section class=\"mb-4\">\r\n        <header>\r\n                            <h2>Bal Vivadental                                    <\/h2>\r\n                <\/a>\r\n\r\n        <\/header>\r\n\r\n        <div class=\"row gy-2 gy-lg-4 row-cols-1 row-cols-md-2 row-cols-xl-3\">\r\n                            <div class=\"col\">\r\n                    <div class=\"card h-100\"><a href=\"https:\/\/vivadental.pl\/galeria\/galeria\/bal-vivadental-2017\/\"><img decoding=\"async\" class=\"img-fluid card-img-top w-100 d-block\" src=\"https:\/\/vivadental.pl\/galeria\/wp-content\/uploads\/2023\/02\/bal-2017-146-1-600x400.jpg\" title=\"Bal Vivadental 2017\"><\/a>\r\n                        <div class=\"card-body\">\r\n                            <h4 class=\"card-title\"><a href=\"https:\/\/vivadental.pl\/galeria\/galeria\/bal-vivadental-2017\/\" class=\"card-link\">Bal Vivadental 2017<\/a><\/h4>\r\n                            <h6 class=\"text-muted card-subtitle mb-2\">\u015broda 8 lutego, 2023<\/h6>\r\n                            <p class=\"card-text\"><\/p>\r\n\r\n                        <\/div>\r\n                    <\/div>\r\n                <\/div>\r\n                            <div class=\"col\">\r\n                    <div class=\"card h-100\"><a href=\"https:\/\/vivadental.pl\/galeria\/galeria\/bal-vivadental-2016\/\"><img decoding=\"async\" class=\"img-fluid card-img-top w-100 d-block\" src=\"https:\/\/vivadental.pl\/galeria\/wp-content\/uploads\/2023\/02\/bal-charytatywny-131-1-600x400.jpg\" title=\"Bal Vivadental 2016\"><\/a>\r\n                        <div class=\"card-body\">\r\n                            <h4 class=\"card-title\"><a href=\"https:\/\/vivadental.pl\/galeria\/galeria\/bal-vivadental-2016\/\" class=\"card-link\">Bal Vivadental 2016<\/a><\/h4>\r\n                            <h6 class=\"text-muted card-subtitle mb-2\">\u015broda 8 lutego, 2023<\/h6>\r\n                            <p class=\"card-text\"><\/p>\r\n\r\n                        <\/div>\r\n                    <\/div>\r\n                <\/div>\r\n                <\/section>\r\n\n","protected":false},"excerpt":{"rendered":"","protected":false},"author":3,"featured_media":32018,"parent":0,"menu_order":0,"comment_status":"closed","ping_status":"closed","template":"","meta":{"footnotes":""},"_links":{"self":[{"href":"https:\/\/vivadental.pl\/galeria\/wp-json\/wp\/v2\/pages\/41413"}],"collection":[{"href":"https:\/\/vivadental.pl\/galeria\/wp-json\/wp\/v2\/pages"}],"about":[{"href":"https:\/\/vivadental.pl\/galeria\/wp-json\/wp\/v2\/types\/page"}],"author":[{"embeddable":true,"href":"https:\/\/vivadental.pl\/galeria\/wp-json\/wp\/v2\/users\/3"}],"replies":[{"embeddable":true,"href":"https:\/\/vivadental.pl\/galeria\/wp-json\/wp\/v2\/comments?post=41413"}],"version-history":[{"count":0,"href":"https:\/\/vivadental.pl\/galeria\/wp-json\/wp\/v2\/pages\/41413\/revisions"}],"wp:featuredmedia":[{"embeddable":true,"href":"https:\/\/vivadental.pl\/galeria\/wp-json\/wp\/v2\/media\/32018"}],"wp:attachment":[{"href":"https:\/\/vivadental.pl\/galeria\/wp-json\/wp\/v2\/media?parent=41413"}],"curies":[{"name":"wp","href":"https:\/\/api.w.org\/{rel}","templated":true}]}}